{"id":11831,"date":"2026-06-27T11:04:33","date_gmt":"2026-06-27T08:04:33","guid":{"rendered":"https:\/\/www.freyamelamin.com\/tr-fuarlar-ve-etkinlikler\/"},"modified":"2026-07-17T23:09:33","modified_gmt":"2026-07-17T20:09:33","slug":"fuarlar-ve-etkinlikler","status":"publish","type":"page","link":"https:\/\/www.freyamelamin.com\/tr\/fuarlar-ve-etkinlikler\/","title":{"rendered":"Melamin Ev-Mutfak E\u015fyalar\u0131 ve HORECA Fuarlar\u0131m\u0131z"},"content":{"rendered":"<p>[et_pb_section fb_built=&#8221;1&#8243; custom_padding_last_edited=&#8221;on|phone&#8221; _builder_version=&#8221;4.27.7&#8243; _module_preset=&#8221;default&#8221; custom_padding=&#8221;16vh||||false|false&#8221; custom_padding_tablet=&#8221;13vh||||false|false&#8221; custom_padding_phone=&#8221;13vh||||false|false&#8221; global_colors_info=&#8221;{}&#8221;][et_pb_row _builder_version=&#8221;4.27.7&#8243; _module_preset=&#8221;default&#8221; global_colors_info=&#8221;{}&#8221;][et_pb_column type=&#8221;4_4&#8243; _builder_version=&#8221;4.27.6&#8243; _module_preset=&#8221;default&#8221; global_colors_info=&#8221;{}&#8221;][et_pb_text _builder_version=&#8221;4.27.7&#8243; _module_preset=&#8221;default&#8221; global_colors_info=&#8221;{}&#8221;]<\/p>\n<h1>Uluslararas\u0131 Z\u00fcccaciye, Ev E\u015fyalar\u0131 ve HORECA Fuarlar\u0131m\u0131z<\/h1>\n<p>Freya Melamin olarak, ya\u015fam alanlar\u0131na zarafet katan modern ev serisi mutfak gere\u00e7lerimizle ve end\u00fcstriyel mutfaklar\u0131n sirk\u00fclasyonunu s\u0131rtlayan HORECA koleksiyonlar\u0131m\u0131zla k\u00fcresel ticaretin merkezindeyiz. Perakende devlerinin, se\u00e7kin z\u00fcccaciye zincirlerinin ve toptan al\u0131m heyetlerinin oda\u011f\u0131nda yer ald\u0131\u011f\u0131m\u0131z, sekt\u00f6r trendlerine y\u00f6n veren uluslararas\u0131 fuar ve etkinlik ar\u015fivimizi inceleyin. <\/p>\n<p>[\/et_pb_text][et_pb_text _builder_version=&#8221;4.27.7&#8243; _module_preset=&#8221;default&#8221; text_orientation=&#8221;center&#8221; custom_margin=&#8221;16vh||||false|false&#8221; custom_margin_tablet=&#8221;15vh||||false|false&#8221; custom_margin_phone=&#8221;10vh||||false|false&#8221; custom_margin_last_edited=&#8221;on|phone&#8221; global_colors_info=&#8221;{}&#8221;]<\/p>\n<h5>Bir Sonraki Dura\u011f\u0131m\u0131z Zuchex 2026 \u0130stanbul!<\/h5>\n<p>Ev ve mutfak e\u015fyalar\u0131 d\u00fcnyas\u0131n\u0131n en b\u00fcy\u00fck bulu\u015fmas\u0131 olan Zuchex 2026&#8217;da, en yeni tasar\u0131m ev serisi koleksiyonlar\u0131m\u0131z\u0131 ve k\u0131r\u0131lma zayiat\u0131n\u0131 s\u0131f\u0131rlayan HORECA sunum ekipmanlar\u0131m\u0131z\u0131 canl\u0131 deneyimlemeniz i\u00e7in stand\u0131m\u0131za davetlisiniz. Sizinle fuar alan\u0131nda y\u00fcz y\u00fcze tan\u0131\u015fmaktan, hacimli sipari\u015f s\u00fcre\u00e7lerinizi ve kurumsal i\u015f ortakl\u0131klar\u0131m\u0131z\u0131 planlamaktan b\u00fcy\u00fck mutluluk duyaca\u011f\u0131z. <\/p>\n<p><em>Fuara \u00f6zel B2B toplant\u0131 randevusu olu\u015fturmak ve VIP davetiye talep etmek i\u00e7in hemen bizimle <a href=\"https:\/\/www.freyamelamin.com\/tr\/iletisim\/\">ileti\u015fime ge\u00e7in.<\/a><\/em><\/p>\n<p>[\/et_pb_text][\/et_pb_column][\/et_pb_row][\/et_pb_section][et_pb_section fb_built=&#8221;1&#8243; custom_padding_last_edited=&#8221;on|desktop&#8221; module_id=&#8221;timeline-section&#8221; module_class=&#8221;timeline-section&#8221; _builder_version=&#8221;4.27.7&#8243; _module_preset=&#8221;default&#8221; custom_padding=&#8221;||30vh||false|false&#8221; custom_padding_tablet=&#8221;||30vh||false|false&#8221; custom_padding_phone=&#8221;||30vh||false|false&#8221; global_colors_info=&#8221;{}&#8221;][et_pb_row column_structure=&#8221;2_5,3_5&#8243; use_custom_gutter=&#8221;on&#8221; gutter_width=&#8221;2&#8243; custom_padding_last_edited=&#8221;on|phone&#8221; _builder_version=&#8221;4.27.7&#8243; _module_preset=&#8221;default&#8221; background_color=&#8221;#ECECEC&#8221; width=&#8221;40%&#8221; width_tablet=&#8221;70%&#8221; width_phone=&#8221;90%&#8221; width_last_edited=&#8221;on|desktop&#8221; custom_padding=&#8221;1.3vw|1.3vw|1.3vw|1.4vw|false|false&#8221; custom_padding_tablet=&#8221;2.8vw|2.3vw|2.3vw|2.4vw|false|false&#8221; custom_padding_phone=&#8221;4.8vw|4.3vw|3.3vw|4.4vw|false|false&#8221; hover_enabled=&#8221;0&#8243; global_colors_info=&#8221;{}&#8221; sticky_enabled=&#8221;0&#8243;][et_pb_column type=&#8221;2_5&#8243; _builder_version=&#8221;4.27.6&#8243; _module_preset=&#8221;default&#8221; global_colors_info=&#8221;{}&#8221;][et_pb_image src=&#8221;https:\/\/www.freyamelamin.com\/wp-content\/uploads\/2026\/07\/zuchex-2025-frey-stand.jpg&#8221; alt=&#8221;g\u00f6rseli olmayan&#8221; title_text=&#8221;zuchex-2025-frey-stand&#8221; _builder_version=&#8221;4.27.7&#8243; _module_preset=&#8221;default&#8221; hover_enabled=&#8221;0&#8243; global_colors_info=&#8221;{}&#8221; sticky_enabled=&#8221;0&#8243;][\/et_pb_image][\/et_pb_column][et_pb_column type=&#8221;3_5&#8243; _builder_version=&#8221;4.27.6&#8243; _module_preset=&#8221;default&#8221; global_colors_info=&#8221;{}&#8221;][et_pb_text _builder_version=&#8221;4.27.7&#8243; _module_preset=&#8221;default&#8221; hover_enabled=&#8221;0&#8243; global_colors_info=&#8221;{}&#8221; sticky_enabled=&#8221;0&#8243;]<\/p>\n<h3>ZUCHEX Uluslararas\u0131 Ev ve Mutfak E\u015fyalar\u0131 Fuar\u0131<\/h3>\n<p id=\"event-card-date-\">Eyl\u00fcl 2025 | Fuar<\/p>\n<p>Zuchex 2025&#8217;te, ev serimizin en se\u00e7kin par\u00e7alar\u0131 olan \u00f6zg\u00fcn desenli servis tepsileri, sosluklar ve kahvalt\u0131 setleri ile ev-mutfak perakendesine y\u00f6n verdik. Yenilik\u00e7i stand\u0131m\u0131zda ger\u00e7ekle\u015ftirdi\u011fimiz canl\u0131 dayan\u0131kl\u0131l\u0131k (drop-test) g\u00f6sterileri, B2B al\u0131c\u0131lar\u0131n markam\u0131za olan g\u00fcvenini en \u00fcst seviyeye \u00e7\u0131kard\u0131. <\/p>\n<p>[\/et_pb_text][\/et_pb_column][\/et_pb_row][et_pb_row column_structure=&#8221;2_5,3_5&#8243; use_custom_gutter=&#8221;on&#8221; gutter_width=&#8221;2&#8243; custom_padding_last_edited=&#8221;on|phone&#8221; _builder_version=&#8221;4.27.7&#8243; _module_preset=&#8221;default&#8221; background_color=&#8221;#ECECEC&#8221; width=&#8221;40%&#8221; width_tablet=&#8221;70%&#8221; width_phone=&#8221;90%&#8221; width_last_edited=&#8221;on|desktop&#8221; custom_padding=&#8221;1.3vw|1.3vw|1.3vw|1.4vw|false|false&#8221; custom_padding_tablet=&#8221;2.8vw|2.3vw|2.3vw|2.4vw|false|false&#8221; custom_padding_phone=&#8221;4.8vw|4.3vw|3.3vw|4.4vw|false|false&#8221; hover_enabled=&#8221;0&#8243; global_colors_info=&#8221;{}&#8221; sticky_enabled=&#8221;0&#8243;][et_pb_column type=&#8221;2_5&#8243; _builder_version=&#8221;4.27.6&#8243; _module_preset=&#8221;default&#8221; global_colors_info=&#8221;{}&#8221;][et_pb_image src=&#8221;https:\/\/www.freyamelamin.com\/wp-content\/uploads\/2026\/07\/zuchex-2024-freya.jpg&#8221; alt=&#8221;g\u00f6rseli olmayan&#8221; title_text=&#8221;zuchex-2024-freya&#8221; _builder_version=&#8221;4.27.7&#8243; _module_preset=&#8221;default&#8221; hover_enabled=&#8221;0&#8243; global_colors_info=&#8221;{}&#8221; sticky_enabled=&#8221;0&#8243;][\/et_pb_image][\/et_pb_column][et_pb_column type=&#8221;3_5&#8243; _builder_version=&#8221;4.27.6&#8243; _module_preset=&#8221;default&#8221; global_colors_info=&#8221;{}&#8221;][et_pb_text _builder_version=&#8221;4.27.7&#8243; _module_preset=&#8221;default&#8221; hover_enabled=&#8221;0&#8243; global_colors_info=&#8221;{}&#8221; sticky_enabled=&#8221;0&#8243;]<\/p>\n<h3>ZUCHEX Uluslararas\u0131 Ev ve Mutfak E\u015fyalar\u0131 Fuar\u0131<\/h3>\n<p id=\"event-card-date-\">Eyl\u00fcl 2024 | Fuar<\/p>\n<p>Marka tarihimizin en b\u00fcy\u00fck lansmanlar\u0131ndan birine sahne olan Zuchex 2024&#8217;te, evlerde porselen k\u0131r\u0131lmas\u0131na son veren trend tasar\u0131m serilerimizi ve i\u015fletmeler i\u00e7in maliyet d\u00fc\u015f\u00fcren kurumsal HORECA \u00e7\u00f6z\u00fcmlerimizi e\u015f zamanl\u0131 sunduk. Ulusal ve uluslararas\u0131 z\u00fcccaciye devleriyle olan kontratlar\u0131m\u0131z\u0131 tazeledik. <\/p>\n<p>[\/et_pb_text][\/et_pb_column][\/et_pb_row][et_pb_row column_structure=&#8221;2_5,3_5&#8243; use_custom_gutter=&#8221;on&#8221; gutter_width=&#8221;2&#8243; custom_padding_last_edited=&#8221;on|phone&#8221; _builder_version=&#8221;4.27.7&#8243; _module_preset=&#8221;default&#8221; background_color=&#8221;#ECECEC&#8221; width=&#8221;40%&#8221; width_tablet=&#8221;70%&#8221; width_phone=&#8221;90%&#8221; width_last_edited=&#8221;on|desktop&#8221; custom_padding=&#8221;1.3vw|1.3vw|1.3vw|1.4vw|false|false&#8221; custom_padding_tablet=&#8221;2.8vw|2.3vw|2.3vw|2.4vw|false|false&#8221; custom_padding_phone=&#8221;4.8vw|4.3vw|3.3vw|4.4vw|false|false&#8221; hover_enabled=&#8221;0&#8243; global_colors_info=&#8221;{}&#8221; sticky_enabled=&#8221;0&#8243;][et_pb_column type=&#8221;2_5&#8243; _builder_version=&#8221;4.27.6&#8243; _module_preset=&#8221;default&#8221; global_colors_info=&#8221;{}&#8221;][et_pb_image src=&#8221;https:\/\/www.freyamelamin.com\/wp-content\/uploads\/2026\/07\/2024-host-ist.jpg&#8221; alt=&#8221;g\u00f6rseli olmayan&#8221; title_text=&#8221;2024-host-ist&#8221; _builder_version=&#8221;4.27.7&#8243; _module_preset=&#8221;default&#8221; hover_enabled=&#8221;0&#8243; global_colors_info=&#8221;{}&#8221; sticky_enabled=&#8221;0&#8243;][\/et_pb_image][\/et_pb_column][et_pb_column type=&#8221;3_5&#8243; _builder_version=&#8221;4.27.6&#8243; _module_preset=&#8221;default&#8221; global_colors_info=&#8221;{}&#8221;][et_pb_text _builder_version=&#8221;4.27.7&#8243; _module_preset=&#8221;default&#8221; hover_enabled=&#8221;0&#8243; global_colors_info=&#8221;{}&#8221; sticky_enabled=&#8221;0&#8243;]<\/p>\n<h3>HOST \u0130STANBUL Uluslararas\u0131 Ev ve Mutfak E\u015fyalar\u0131 \u00dcreticileri Fuar\u0131<\/h3>\n<p id=\"event-card-date-\">\u015eubat 2024 | Fuar<\/p>\n<p>End\u00fcstriyel mutfaktan ev i\u00e7i tasar\u0131ma uzanan geni\u015f \u00fcr\u00fcn gam\u0131m\u0131zla yer ald\u0131\u011f\u0131m\u0131z fuarda, \u00f6zellikle toptan melamin kase ve servis tepsisi aray\u0131\u015f\u0131nda olan \u0130sto\u00e7 merkezli yerli ve yabanc\u0131 al\u0131m heyetlerini a\u011f\u0131rlad\u0131k. Sekt\u00f6rdeki \u00e7eyrek asra yakla\u015fan imalat tecr\u00fcbemizi inovatif stand konseptimizle birle\u015ftirdik. <\/p>\n<p>[\/et_pb_text][\/et_pb_column][\/et_pb_row][et_pb_row column_structure=&#8221;2_5,3_5&#8243; use_custom_gutter=&#8221;on&#8221; gutter_width=&#8221;2&#8243; custom_padding_last_edited=&#8221;on|phone&#8221; _builder_version=&#8221;4.27.7&#8243; _module_preset=&#8221;default&#8221; background_color=&#8221;#ECECEC&#8221; width=&#8221;40%&#8221; width_tablet=&#8221;70%&#8221; width_phone=&#8221;90%&#8221; width_last_edited=&#8221;on|desktop&#8221; custom_padding=&#8221;1.3vw|1.3vw|1.3vw|1.4vw|false|false&#8221; custom_padding_tablet=&#8221;2.8vw|2.3vw|2.3vw|2.4vw|false|false&#8221; custom_padding_phone=&#8221;4.8vw|4.3vw|3.3vw|4.4vw|false|false&#8221; global_colors_info=&#8221;{}&#8221;][et_pb_column type=&#8221;2_5&#8243; _builder_version=&#8221;4.27.6&#8243; _module_preset=&#8221;default&#8221; global_colors_info=&#8221;{}&#8221;][et_pb_image src=&#8221;https:\/\/www.freyamelamin.com\/wp-content\/uploads\/2026\/07\/2023-zuchex.jpg&#8221; alt=&#8221;g\u00f6rseli olmayan&#8221; title_text=&#8221;2023-zuchex&#8221; _builder_version=&#8221;4.27.7&#8243; _module_preset=&#8221;default&#8221; hover_enabled=&#8221;0&#8243; global_colors_info=&#8221;{}&#8221; sticky_enabled=&#8221;0&#8243;][\/et_pb_image][\/et_pb_column][et_pb_column type=&#8221;3_5&#8243; _builder_version=&#8221;4.27.6&#8243; _module_preset=&#8221;default&#8221; global_colors_info=&#8221;{}&#8221;][et_pb_text _builder_version=&#8221;4.27.7&#8243; _module_preset=&#8221;default&#8221; hover_enabled=&#8221;0&#8243; global_colors_info=&#8221;{}&#8221; sticky_enabled=&#8221;0&#8243;]<\/p>\n<h3>ZUCHEX Uluslararas\u0131 Ev ve Mutfak E\u015fyalar\u0131 Fuar\u0131<\/h3>\n<p id=\"event-card-date-\">Eyl\u00fcl 2023 | Fuar<\/p>\n<p>Kat\u0131ld\u0131\u011f\u0131m\u0131z bu dev organizasyonda, modern ev dekorasyonuna uyum sa\u011flayan mermer ve ah\u015fap dokulu melamin sunum tepsileri ile \u015f\u0131k salata kaselerimizi \u00f6n plana \u00e7\u0131kard\u0131k. Z\u00fcccaciye perakendecilerinin ve zincir marketlerin y\u00fcksek hacimli sipari\u015flerini kusursuz kar\u015f\u0131layan \u00fcretim altyap\u0131m\u0131z\u0131 stand\u0131m\u0131zda sergiledik. <\/p>\n<p>[\/et_pb_text][\/et_pb_column][\/et_pb_row][et_pb_row column_structure=&#8221;2_5,3_5&#8243; use_custom_gutter=&#8221;on&#8221; gutter_width=&#8221;2&#8243; custom_padding_last_edited=&#8221;on|phone&#8221; _builder_version=&#8221;4.27.7&#8243; _module_preset=&#8221;default&#8221; background_color=&#8221;#ECECEC&#8221; width=&#8221;40%&#8221; width_tablet=&#8221;70%&#8221; width_phone=&#8221;90%&#8221; width_last_edited=&#8221;on|desktop&#8221; custom_padding=&#8221;1.3vw|1.3vw|1.3vw|1.4vw|false|false&#8221; custom_padding_tablet=&#8221;2.8vw|2.3vw|2.3vw|2.4vw|false|false&#8221; custom_padding_phone=&#8221;4.8vw|4.3vw|3.3vw|4.4vw|false|false&#8221; global_colors_info=&#8221;{}&#8221;][et_pb_column type=&#8221;2_5&#8243; _builder_version=&#8221;4.27.6&#8243; _module_preset=&#8221;default&#8221; global_colors_info=&#8221;{}&#8221;][et_pb_image src=&#8221;https:\/\/www.freyamelamin.com\/wp-content\/uploads\/2026\/07\/2023-host-ist.jpg&#8221; alt=&#8221;g\u00f6rseli olmayan&#8221; title_text=&#8221;2023-host-ist&#8221; _builder_version=&#8221;4.27.7&#8243; _module_preset=&#8221;default&#8221; hover_enabled=&#8221;0&#8243; global_colors_info=&#8221;{}&#8221; sticky_enabled=&#8221;0&#8243;][\/et_pb_image][\/et_pb_column][et_pb_column type=&#8221;3_5&#8243; _builder_version=&#8221;4.27.6&#8243; _module_preset=&#8221;default&#8221; global_colors_info=&#8221;{}&#8221;][et_pb_text _builder_version=&#8221;4.27.7&#8243; _module_preset=&#8221;default&#8221; hover_enabled=&#8221;0&#8243; global_colors_info=&#8221;{}&#8221; sticky_enabled=&#8221;0&#8243;]<\/p>\n<h3>HOST \u0130STANBUL Uluslararas\u0131 Ev ve Mutfak E\u015fyalar\u0131 \u00dcreticileri Fuar\u0131<\/h3>\n<p id=\"event-card-date-\">Mart 2023 | Fuar<\/p>\n<p>Do\u011frudan fabrikadan arac\u0131s\u0131z tedarik modelimizi sergiledi\u011fimiz Host \u0130stanbul&#8217;da, hem evlerin g\u00fcnl\u00fck kullan\u0131m\u0131na uygun dayan\u0131kl\u0131 mutfak e\u015fyalar\u0131n\u0131 hem de end\u00fcstriyel yemekhanelerin sirk\u00fclasyonuna \u00f6zel melamin tabldot tabaklar\u0131n\u0131 tek \u00e7at\u0131 alt\u0131nda bulu\u015fturduk. \u00dcretim band\u0131m\u0131z\u0131n esnekli\u011fini toptan al\u0131c\u0131lara ba\u015far\u0131yla aktard\u0131k. <\/p>\n<p>[\/et_pb_text][\/et_pb_column][\/et_pb_row][et_pb_row column_structure=&#8221;2_5,3_5&#8243; use_custom_gutter=&#8221;on&#8221; gutter_width=&#8221;2&#8243; custom_padding_last_edited=&#8221;on|phone&#8221; _builder_version=&#8221;4.27.7&#8243; _module_preset=&#8221;default&#8221; background_color=&#8221;#ECECEC&#8221; width=&#8221;40%&#8221; width_tablet=&#8221;70%&#8221; width_phone=&#8221;90%&#8221; width_last_edited=&#8221;on|desktop&#8221; custom_padding=&#8221;1.3vw|1.3vw|1.3vw|1.4vw|false|false&#8221; custom_padding_tablet=&#8221;2.8vw|2.3vw|2.3vw|2.4vw|false|false&#8221; custom_padding_phone=&#8221;4.8vw|4.3vw|3.3vw|4.4vw|false|false&#8221; global_colors_info=&#8221;{}&#8221;][et_pb_column type=&#8221;2_5&#8243; _builder_version=&#8221;4.27.6&#8243; _module_preset=&#8221;default&#8221; global_colors_info=&#8221;{}&#8221;][et_pb_image src=&#8221;https:\/\/www.freyamelamin.com\/wp-content\/uploads\/2026\/07\/2023-ambiente.jpg&#8221; alt=&#8221;g\u00f6rseli olmayan&#8221; title_text=&#8221;2023-ambiente&#8221; _builder_version=&#8221;4.27.7&#8243; _module_preset=&#8221;default&#8221; hover_enabled=&#8221;0&#8243; global_colors_info=&#8221;{}&#8221; sticky_enabled=&#8221;0&#8243;][\/et_pb_image][\/et_pb_column][et_pb_column type=&#8221;3_5&#8243; _builder_version=&#8221;4.27.6&#8243; _module_preset=&#8221;default&#8221; global_colors_info=&#8221;{}&#8221;][et_pb_text _builder_version=&#8221;4.27.7&#8243; _module_preset=&#8221;default&#8221; hover_enabled=&#8221;0&#8243; global_colors_info=&#8221;{}&#8221; sticky_enabled=&#8221;0&#8243;]<\/p>\n<h3>AMBIENTE FRANKFURT Uluslararas\u0131 Z\u00fcccaciye Fuar\u0131<\/h3>\n<p id=\"event-card-date-\">\u015eubat 2023 | Fuar<\/p>\n<p>D\u00fcnyan\u0131n en prestijli t\u00fcketici \u00fcr\u00fcnleri fuar\u0131 olan Ambiente Frankfurt&#8217;ta, Avrupa pazar\u0131n\u0131n kat\u0131 g\u0131da g\u00fcvenli\u011fi standartlar\u0131na (LFGB\/AB uyumlulu\u011fu) sahip \u015f\u0131k melamin homeware ve l\u00fcks HORECA koleksiyonlar\u0131m\u0131z\u0131 d\u00fcnyaya sunduk. K\u00fcresel distrib\u00fct\u00f6r a\u011f\u0131m\u0131z\u0131 geni\u015fleterek ihracat co\u011frafyam\u0131z\u0131 40&#8217;\u0131n \u00fczerine \u00e7\u0131kard\u0131k. <\/p>\n<p>[\/et_pb_text][\/et_pb_column][\/et_pb_row][et_pb_row column_structure=&#8221;2_5,3_5&#8243; use_custom_gutter=&#8221;on&#8221; gutter_width=&#8221;2&#8243; custom_padding_last_edited=&#8221;on|phone&#8221; _builder_version=&#8221;4.27.7&#8243; _module_preset=&#8221;default&#8221; background_color=&#8221;#ECECEC&#8221; width=&#8221;40%&#8221; width_tablet=&#8221;70%&#8221; width_phone=&#8221;90%&#8221; width_last_edited=&#8221;on|desktop&#8221; custom_padding=&#8221;1.3vw|1.3vw|1.3vw|1.4vw|false|false&#8221; custom_padding_tablet=&#8221;2.8vw|2.3vw|2.3vw|2.4vw|false|false&#8221; custom_padding_phone=&#8221;4.8vw|4.3vw|3.3vw|4.4vw|false|false&#8221; global_colors_info=&#8221;{}&#8221;][et_pb_column type=&#8221;2_5&#8243; _builder_version=&#8221;4.27.6&#8243; _module_preset=&#8221;default&#8221; global_colors_info=&#8221;{}&#8221;][et_pb_image src=&#8221;https:\/\/www.freyamelamin.com\/wp-content\/uploads\/2026\/07\/2022-cidde-evsid.jpg&#8221; alt=&#8221;g\u00f6rseli olmayan&#8221; title_text=&#8221;2022-cidde-evsid&#8221; _builder_version=&#8221;4.27.7&#8243; _module_preset=&#8221;default&#8221; hover_enabled=&#8221;0&#8243; global_colors_info=&#8221;{}&#8221; sticky_enabled=&#8221;0&#8243;][\/et_pb_image][\/et_pb_column][et_pb_column type=&#8221;3_5&#8243; _builder_version=&#8221;4.27.6&#8243; _module_preset=&#8221;default&#8221; global_colors_info=&#8221;{}&#8221;][et_pb_text _builder_version=&#8221;4.27.7&#8243; _module_preset=&#8221;default&#8221; hover_enabled=&#8221;0&#8243; global_colors_info=&#8221;{}&#8221; sticky_enabled=&#8221;0&#8243;]<\/p>\n<h3>Ev ve Mutfak E\u015fyalar\u0131 Suudi Arabistan Sekt\u00f6rel Ticaret Heyeti<\/h3>\n<p id=\"event-card-date-\">Aral\u0131k 2022 | Etkinlik<\/p>\n<p>EVS\u0130D ve \u0130DDM\u0130B i\u015f birli\u011fiyle d\u00fczenlenen bu stratejik sekt\u00f6rel ticaret heyetinde, Suudi Arabistan\u2019\u0131n kalbi Cidde\u2019de K\u00f6rfez b\u00f6lgesinin \u00f6nde gelen toptan al\u0131c\u0131lar\u0131 ve perakende zincirleriyle yo\u011fun B2B i\u015f g\u00f6r\u00fc\u015fmeleri ger\u00e7ekle\u015ftirdik. B\u00f6lgedeki modern z\u00fcccaciye ma\u011fazalar\u0131 i\u00e7in tasarlad\u0131\u011f\u0131m\u0131z \u015f\u0131k ev serisi mutfak gere\u00e7lerimizi ve l\u00fcks otel\/restoran projelerinin ilgisini \u00e7eken k\u0131r\u0131lmaz HORECA sunum koleksiyonlar\u0131m\u0131z\u0131 do\u011frudan tan\u0131tarak MENA pazar\u0131ndaki ihracat hacmimizi b\u00fcy\u00fctt\u00fck. <\/p>\n<p>[\/et_pb_text][\/et_pb_column][\/et_pb_row][et_pb_row column_structure=&#8221;2_5,3_5&#8243; use_custom_gutter=&#8221;on&#8221; gutter_width=&#8221;2&#8243; custom_padding_last_edited=&#8221;on|phone&#8221; _builder_version=&#8221;4.27.7&#8243; _module_preset=&#8221;default&#8221; background_color=&#8221;#ECECEC&#8221; width=&#8221;40%&#8221; width_tablet=&#8221;70%&#8221; width_phone=&#8221;90%&#8221; width_last_edited=&#8221;on|desktop&#8221; custom_padding=&#8221;1.3vw|1.3vw|1.3vw|1.4vw|false|false&#8221; custom_padding_tablet=&#8221;2.8vw|2.3vw|2.3vw|2.4vw|false|false&#8221; custom_padding_phone=&#8221;4.8vw|4.3vw|3.3vw|4.4vw|false|false&#8221; global_colors_info=&#8221;{}&#8221;][et_pb_column type=&#8221;2_5&#8243; _builder_version=&#8221;4.27.6&#8243; _module_preset=&#8221;default&#8221; global_colors_info=&#8221;{}&#8221;][et_pb_image src=&#8221;https:\/\/www.freyamelamin.com\/wp-content\/uploads\/2026\/07\/2022-zuchex.jpg&#8221; alt=&#8221;g\u00f6rseli olmayan&#8221; title_text=&#8221;2022-zuchex&#8221; _builder_version=&#8221;4.27.7&#8243; _module_preset=&#8221;default&#8221; hover_enabled=&#8221;0&#8243; global_colors_info=&#8221;{}&#8221; sticky_enabled=&#8221;0&#8243;][\/et_pb_image][\/et_pb_column][et_pb_column type=&#8221;3_5&#8243; _builder_version=&#8221;4.27.6&#8243; _module_preset=&#8221;default&#8221; global_colors_info=&#8221;{}&#8221;][et_pb_text _builder_version=&#8221;4.27.7&#8243; _module_preset=&#8221;default&#8221; hover_enabled=&#8221;0&#8243; global_colors_info=&#8221;{}&#8221; sticky_enabled=&#8221;0&#8243;]<\/p>\n<h3>ZUCHEX Uluslararas\u0131 Ev ve Mutfak E\u015fyalar\u0131 Fuar\u0131<\/h3>\n<p id=\"event-card-date-\">Eyl\u00fcl 2022 | Fuar<\/p>\n<p>Sekt\u00f6r\u00fcn tasar\u0131m trendlerini belirledi\u011fimiz bu edisyonda, porselen esteti\u011fini k\u0131r\u0131lmaz yap\u0131yla birle\u015ftiren premium melamin ev serisi sofra \u00fcr\u00fcnlerimizin lansman\u0131n\u0131 ger\u00e7ekle\u015ftirdik. English Home, Mudo ve Bim gibi ulusal devlerin tedarik s\u00fcre\u00e7lerindeki ana \u00fcretici rol\u00fcm\u00fcz\u00fc bu fuarda peki\u015ftirdik. <\/p>\n<p>[\/et_pb_text][\/et_pb_column][\/et_pb_row][et_pb_row column_structure=&#8221;2_5,3_5&#8243; use_custom_gutter=&#8221;on&#8221; gutter_width=&#8221;2&#8243; custom_padding_last_edited=&#8221;on|phone&#8221; _builder_version=&#8221;4.27.7&#8243; _module_preset=&#8221;default&#8221; background_color=&#8221;#ECECEC&#8221; width=&#8221;40%&#8221; width_tablet=&#8221;70%&#8221; width_phone=&#8221;90%&#8221; width_last_edited=&#8221;on|desktop&#8221; custom_padding=&#8221;1.3vw|1.3vw|1.3vw|1.4vw|false|false&#8221; custom_padding_tablet=&#8221;2.8vw|2.3vw|2.3vw|2.4vw|false|false&#8221; custom_padding_phone=&#8221;4.8vw|4.3vw|3.3vw|4.4vw|false|false&#8221; global_colors_info=&#8221;{}&#8221;][et_pb_column type=&#8221;2_5&#8243; _builder_version=&#8221;4.27.6&#8243; _module_preset=&#8221;default&#8221; global_colors_info=&#8221;{}&#8221;][et_pb_image src=&#8221;https:\/\/www.freyamelamin.com\/wp-content\/uploads\/2026\/07\/2021-hostech.jpg&#8221; alt=&#8221;g\u00f6rseli olmayan&#8221; title_text=&#8221;2021-hostech&#8221; _builder_version=&#8221;4.27.7&#8243; _module_preset=&#8221;default&#8221; hover_enabled=&#8221;0&#8243; global_colors_info=&#8221;{}&#8221; sticky_enabled=&#8221;0&#8243;][\/et_pb_image][\/et_pb_column][et_pb_column type=&#8221;3_5&#8243; _builder_version=&#8221;4.27.6&#8243; _module_preset=&#8221;default&#8221; global_colors_info=&#8221;{}&#8221;][et_pb_text _builder_version=&#8221;4.27.7&#8243; _module_preset=&#8221;default&#8221; hover_enabled=&#8221;0&#8243; global_colors_info=&#8221;{}&#8221; sticky_enabled=&#8221;0&#8243;]<\/p>\n<h3>24. HOSTECH by TUS\u0130D Fuar\u0131<\/h3>\n<p id=\"event-card-date-\">Eyl\u00fcl 2021 | Fuar<\/p>\n<p>D\u00fcnyan\u0131n en b\u00fcy\u00fck HORECA bulu\u015fmalar\u0131ndan biri olan 24. HOSTECH by TUS\u0130D Fuar\u0131&#8217;nda, otel, restoran ve kurumsal yemekhanelerin yo\u011fun sirk\u00fclasyonuna \u00f6zel olarak \u00fcretti\u011fimiz k\u0131r\u0131lmaz melamin servis ve sunum ekipmanlar\u0131m\u0131z\u0131 vitrine \u00e7\u0131kard\u0131k. End\u00fcstriyel mutfaklar\u0131n zayiat maliyetlerini kal\u0131c\u0131 olarak s\u0131f\u0131rlayan \u00e7\u00f6z\u00fcmlerimizi yerli ve yabanc\u0131 sat\u0131nalma heyetlerine do\u011frudan fabrikadan teslim avantaj\u0131yla sunarak g\u00fc\u00e7l\u00fc B2B i\u015f ortakl\u0131klar\u0131na imza att\u0131k. <\/p>\n<p>[\/et_pb_text][\/et_pb_column][\/et_pb_row][et_pb_row column_structure=&#8221;2_5,3_5&#8243; use_custom_gutter=&#8221;on&#8221; gutter_width=&#8221;2&#8243; custom_padding_last_edited=&#8221;on|phone&#8221; _builder_version=&#8221;4.27.7&#8243; _module_preset=&#8221;default&#8221; background_color=&#8221;#ECECEC&#8221; width=&#8221;40%&#8221; width_tablet=&#8221;70%&#8221; width_phone=&#8221;90%&#8221; width_last_edited=&#8221;on|desktop&#8221; custom_padding=&#8221;1.3vw|1.3vw|1.3vw|1.4vw|false|false&#8221; custom_padding_tablet=&#8221;2.8vw|2.3vw|2.3vw|2.4vw|false|false&#8221; custom_padding_phone=&#8221;4.8vw|4.3vw|3.3vw|4.4vw|false|false&#8221; global_colors_info=&#8221;{}&#8221;][et_pb_column type=&#8221;2_5&#8243; _builder_version=&#8221;4.27.6&#8243; _module_preset=&#8221;default&#8221; global_colors_info=&#8221;{}&#8221;][et_pb_image src=&#8221;https:\/\/www.freyamelamin.com\/wp-content\/uploads\/2026\/07\/2021-zuchex.jpg&#8221; alt=&#8221;g\u00f6rseli olmayan&#8221; title_text=&#8221;2021-zuchex&#8221; _builder_version=&#8221;4.27.7&#8243; _module_preset=&#8221;default&#8221; hover_enabled=&#8221;0&#8243; global_colors_info=&#8221;{}&#8221; sticky_enabled=&#8221;0&#8243;][\/et_pb_image][\/et_pb_column][et_pb_column type=&#8221;3_5&#8243; _builder_version=&#8221;4.27.6&#8243; _module_preset=&#8221;default&#8221; global_colors_info=&#8221;{}&#8221;][et_pb_text _builder_version=&#8221;4.27.7&#8243; _module_preset=&#8221;default&#8221; hover_enabled=&#8221;0&#8243; global_colors_info=&#8221;{}&#8221; sticky_enabled=&#8221;0&#8243;]<\/p>\n<h3>ZUCHEX Uluslararas\u0131 Ev ve Mutfak E\u015fyalar\u0131 Fuar\u0131<\/h3>\n<p id=\"event-card-date-\">Eyl\u00fcl 2021 | Fuar<\/p>\n<p>Pandemi sonras\u0131 z\u00fcccaciye sekt\u00f6r\u00fcn\u00fcn fiziki olarak bulu\u015ftu\u011fu ilk b\u00fcy\u00fck Zuchex Fuar\u0131&#8217;nda, evlerde de\u011fi\u015fen hijyen reflekslerine uygun olarak \u00fcretti\u011fimiz anti-bakteriyel melamin mutfak gere\u00e7lerimizi tan\u0131tt\u0131k. Ev han\u0131mlar\u0131n\u0131n ve perakende ma\u011fazalar\u0131n\u0131n estetik beklentilerini kar\u015f\u0131layan renkli ve kayd\u0131rmaz tabak serilerimizle stand\u0131m\u0131zda ziyaret\u00e7i rekoru k\u0131rd\u0131k. <\/p>\n<p>[\/et_pb_text][\/et_pb_column][\/et_pb_row][et_pb_row column_structure=&#8221;2_5,3_5&#8243; use_custom_gutter=&#8221;on&#8221; gutter_width=&#8221;2&#8243; custom_padding_last_edited=&#8221;on|phone&#8221; _builder_version=&#8221;4.27.7&#8243; _module_preset=&#8221;default&#8221; background_color=&#8221;#ECECEC&#8221; width=&#8221;40%&#8221; width_tablet=&#8221;70%&#8221; width_phone=&#8221;90%&#8221; width_last_edited=&#8221;on|desktop&#8221; custom_padding=&#8221;1.3vw|1.3vw|1.3vw|1.4vw|false|false&#8221; custom_padding_tablet=&#8221;2.8vw|2.3vw|2.3vw|2.4vw|false|false&#8221; custom_padding_phone=&#8221;4.8vw|4.3vw|3.3vw|4.4vw|false|false&#8221; global_colors_info=&#8221;{}&#8221;][et_pb_column type=&#8221;2_5&#8243; _builder_version=&#8221;4.27.6&#8243; _module_preset=&#8221;default&#8221; global_colors_info=&#8221;{}&#8221;][et_pb_image src=&#8221;https:\/\/www.freyamelamin.com\/wp-content\/uploads\/2021\/01\/go\u0308rseli-olmayan.jpg&#8221; alt=&#8221;g\u00f6rseli olmayan&#8221; title_text=&#8221;go\u0308rseli-olmayan&#8221; _builder_version=&#8221;4.27.7&#8243; _module_preset=&#8221;default&#8221; global_colors_info=&#8221;{}&#8221;][\/et_pb_image][\/et_pb_column][et_pb_column type=&#8221;3_5&#8243; _builder_version=&#8221;4.27.6&#8243; _module_preset=&#8221;default&#8221; global_colors_info=&#8221;{}&#8221;][et_pb_text _builder_version=&#8221;4.27.7&#8243; _module_preset=&#8221;default&#8221; global_colors_info=&#8221;{}&#8221;]<\/p>\n<h3> MAXIMUM Group 11. \u0130hracat Fuar\u0131 <\/h3>\n<p id=\"event-card-date-\"> Ocak 2020 | Fuar <\/p>\n<p>2020 y\u0131l\u0131na g\u00fc\u00e7l\u00fc bir ihracat operasyonuyla ba\u015flayarak, k\u00fcresel HORECA ve z\u00fcccaciye zincirleri i\u00e7in tasarlad\u0131\u011f\u0131m\u0131z en yeni melamin tabldot ve servis tepsisi koleksiyonlar\u0131m\u0131z\u0131 tan\u0131tt\u0131k. Fabrikadan do\u011frudan k\u00fcresel pazara uzanan kesintisiz \u00fcr\u00fcn tedariki modelimizi peki\u015ftirdik.[\/et_pb_text][\/et_pb_column][\/et_pb_row][et_pb_row column_structure=&#8221;2_5,3_5&#8243; use_custom_gutter=&#8221;on&#8221; gutter_width=&#8221;2&#8243; custom_padding_last_edited=&#8221;on|phone&#8221; _builder_version=&#8221;4.27.7&#8243; _module_preset=&#8221;default&#8221; background_color=&#8221;#ECECEC&#8221; width=&#8221;40%&#8221; width_tablet=&#8221;70%&#8221; width_phone=&#8221;90%&#8221; width_last_edited=&#8221;on|desktop&#8221; custom_padding=&#8221;1.3vw|1.3vw|1.3vw|1.4vw|false|false&#8221; custom_padding_tablet=&#8221;2.8vw|2.3vw|2.3vw|2.4vw|false|false&#8221; custom_padding_phone=&#8221;4.8vw|4.3vw|3.3vw|4.4vw|false|false&#8221; global_colors_info=&#8221;{}&#8221;][et_pb_column type=&#8221;2_5&#8243; _builder_version=&#8221;4.27.6&#8243; _module_preset=&#8221;default&#8221; global_colors_info=&#8221;{}&#8221;][et_pb_image src=&#8221;https:\/\/www.freyamelamin.com\/wp-content\/uploads\/2021\/01\/go\u0308rseli-olmayan.jpg&#8221; alt=&#8221;g\u00f6rseli olmayan&#8221; title_text=&#8221;go\u0308rseli-olmayan&#8221; _builder_version=&#8221;4.27.7&#8243; _module_preset=&#8221;default&#8221; global_colors_info=&#8221;{}&#8221;][\/et_pb_image][\/et_pb_column][et_pb_column type=&#8221;3_5&#8243; _builder_version=&#8221;4.27.6&#8243; _module_preset=&#8221;default&#8221; global_colors_info=&#8221;{}&#8221;][et_pb_text _builder_version=&#8221;4.27.7&#8243; _module_preset=&#8221;default&#8221; global_colors_info=&#8221;{}&#8221;]<\/p>\n<h3> M\u0130KAT 1. \u0130hracat Fuar\u0131 <\/h3>\n<p id=\"event-card-date-\"> Aral\u0131k 2019 | Fuar <\/p>\n<p>Mikat organizasyonunun ilk edisyonunda kurucu kat\u0131l\u0131mc\u0131lardan biri olarak yer al\u0131p, uluslararas\u0131 pazarlar i\u00e7in \u00fcretti\u011fimiz BPA-free ve g\u0131da uyumlu melamin sofra tak\u0131m\u0131 \u00fcr\u00fcnlerimizi sergiledik. \u0130hracat hatlar\u0131m\u0131z i\u00e7in geli\u015ftirdi\u011fimiz yeni nesil end\u00fcstriyel tasar\u0131mlarla global arenada fark yaratt\u0131k.[\/et_pb_text][\/et_pb_column][\/et_pb_row][et_pb_row column_structure=&#8221;2_5,3_5&#8243; use_custom_gutter=&#8221;on&#8221; gutter_width=&#8221;2&#8243; custom_padding_last_edited=&#8221;on|phone&#8221; _builder_version=&#8221;4.27.7&#8243; _module_preset=&#8221;default&#8221; background_color=&#8221;#ECECEC&#8221; width=&#8221;40%&#8221; width_tablet=&#8221;70%&#8221; width_phone=&#8221;90%&#8221; width_last_edited=&#8221;on|desktop&#8221; custom_padding=&#8221;1.3vw|1.3vw|1.3vw|1.4vw|false|false&#8221; custom_padding_tablet=&#8221;2.8vw|2.3vw|2.3vw|2.4vw|false|false&#8221; custom_padding_phone=&#8221;4.8vw|4.3vw|3.3vw|4.4vw|false|false&#8221; global_colors_info=&#8221;{}&#8221;][et_pb_column type=&#8221;2_5&#8243; _builder_version=&#8221;4.27.6&#8243; _module_preset=&#8221;default&#8221; global_colors_info=&#8221;{}&#8221;][et_pb_image src=&#8221;https:\/\/www.freyamelamin.com\/wp-content\/uploads\/2021\/01\/go\u0308rseli-olmayan.jpg&#8221; alt=&#8221;g\u00f6rseli olmayan&#8221; title_text=&#8221;go\u0308rseli-olmayan&#8221; _builder_version=&#8221;4.27.7&#8243; _module_preset=&#8221;default&#8221; global_colors_info=&#8221;{}&#8221;][\/et_pb_image][\/et_pb_column][et_pb_column type=&#8221;3_5&#8243; _builder_version=&#8221;4.27.6&#8243; _module_preset=&#8221;default&#8221; global_colors_info=&#8221;{}&#8221;][et_pb_text _builder_version=&#8221;4.27.7&#8243; _module_preset=&#8221;default&#8221; global_colors_info=&#8221;{}&#8221;]<\/p>\n<h3> ZUCHEX 30. Uluslararas\u0131 Ev ve Mutfak E\u015fyalar\u0131 Fuar\u0131 <\/h3>\n<p id=\"event-card-date-\">Eyl\u00fcl 2019 | Fuar <\/p>\n<p>Z\u00fcccaciye d\u00fcnyas\u0131n\u0131n kalbi olan 30. Zuchex Fuar\u0131&#8217;nda, ev serisi melamin salata kaselerimizden tasar\u0131m harikas\u0131 \u00e7ay tepsilerimize kadar en geni\u015f t\u00fcketici \u00fcr\u00fcn gam\u0131m\u0131z\u0131 g\u00f6r\u00fcc\u00fcye \u00e7\u0131kard\u0131k. Perakende devleri ve \u0130sto\u00e7 toptanc\u0131 a\u011flar\u0131 ile imzalad\u0131\u011f\u0131m\u0131z dev i\u015f ortakl\u0131klar\u0131 sayesinde i\u00e7 pazardaki liderli\u011fimizi tescilledik.[\/et_pb_text][\/et_pb_column][\/et_pb_row][et_pb_row column_structure=&#8221;2_5,3_5&#8243; use_custom_gutter=&#8221;on&#8221; gutter_width=&#8221;2&#8243; custom_padding_last_edited=&#8221;on|phone&#8221; _builder_version=&#8221;4.27.7&#8243; _module_preset=&#8221;default&#8221; background_color=&#8221;#ECECEC&#8221; width=&#8221;40%&#8221; width_tablet=&#8221;70%&#8221; width_phone=&#8221;90%&#8221; width_last_edited=&#8221;on|desktop&#8221; custom_padding=&#8221;1.3vw|1.3vw|1.3vw|1.4vw|false|false&#8221; custom_padding_tablet=&#8221;2.8vw|2.3vw|2.3vw|2.4vw|false|false&#8221; custom_padding_phone=&#8221;4.8vw|4.3vw|3.3vw|4.4vw|false|false&#8221; global_colors_info=&#8221;{}&#8221;][et_pb_column type=&#8221;2_5&#8243; _builder_version=&#8221;4.27.6&#8243; _module_preset=&#8221;default&#8221; global_colors_info=&#8221;{}&#8221;][et_pb_image src=&#8221;https:\/\/www.freyamelamin.com\/wp-content\/uploads\/2021\/01\/go\u0308rseli-olmayan.jpg&#8221; alt=&#8221;g\u00f6rseli olmayan&#8221; title_text=&#8221;go\u0308rseli-olmayan&#8221; _builder_version=&#8221;4.27.7&#8243; _module_preset=&#8221;default&#8221; global_colors_info=&#8221;{}&#8221;][\/et_pb_image][\/et_pb_column][et_pb_column type=&#8221;3_5&#8243; _builder_version=&#8221;4.27.6&#8243; _module_preset=&#8221;default&#8221; global_colors_info=&#8221;{}&#8221;][et_pb_text _builder_version=&#8221;4.27.7&#8243; _module_preset=&#8221;default&#8221; global_colors_info=&#8221;{}&#8221;]<\/p>\n<h3> MAXIMUM Group 10. \u0130hracat Fuar\u0131 <\/h3>\n<p id=\"event-card-date-\">Eyl\u00fcl 2019 | Fuar <\/p>\n<p>Sekt\u00f6rdeki konumumuzu peki\u015ftiren bu ihracat bulu\u015fmas\u0131nda, l\u00fcks porselen g\u00f6r\u00fcn\u00fcml\u00fc melamin servis ekipmanlar\u0131m\u0131zla k\u00fcresel otel ve restoran zincirlerinin sat\u0131nalma y\u00f6neticilerini stand\u0131m\u0131zda a\u011f\u0131rlad\u0131k. Y\u00fcksek hacimli konteyner bazl\u0131 sipari\u015f s\u00fcre\u00e7lerindeki lojistik h\u0131z\u0131m\u0131z\u0131 ve esnek \u00fcretim g\u00fcc\u00fcm\u00fcz\u00fc vurgulad\u0131k.[\/et_pb_text][\/et_pb_column][\/et_pb_row][et_pb_row column_structure=&#8221;2_5,3_5&#8243; use_custom_gutter=&#8221;on&#8221; gutter_width=&#8221;2&#8243; custom_padding_last_edited=&#8221;on|phone&#8221; _builder_version=&#8221;4.27.7&#8243; _module_preset=&#8221;default&#8221; background_color=&#8221;#ECECEC&#8221; width=&#8221;40%&#8221; width_tablet=&#8221;70%&#8221; width_phone=&#8221;90%&#8221; width_last_edited=&#8221;on|desktop&#8221; custom_padding=&#8221;1.3vw|1.3vw|1.3vw|1.4vw|false|false&#8221; custom_padding_tablet=&#8221;2.8vw|2.3vw|2.3vw|2.4vw|false|false&#8221; custom_padding_phone=&#8221;4.8vw|4.3vw|3.3vw|4.4vw|false|false&#8221; global_colors_info=&#8221;{}&#8221;][et_pb_column type=&#8221;2_5&#8243; _builder_version=&#8221;4.27.6&#8243; _module_preset=&#8221;default&#8221; global_colors_info=&#8221;{}&#8221;][et_pb_image src=&#8221;https:\/\/www.freyamelamin.com\/wp-content\/uploads\/2021\/01\/go\u0308rseli-olmayan.jpg&#8221; alt=&#8221;g\u00f6rseli olmayan&#8221; title_text=&#8221;go\u0308rseli-olmayan&#8221; _builder_version=&#8221;4.27.7&#8243; _module_preset=&#8221;default&#8221; global_colors_info=&#8221;{}&#8221;][\/et_pb_image][\/et_pb_column][et_pb_column type=&#8221;3_5&#8243; _builder_version=&#8221;4.27.6&#8243; _module_preset=&#8221;default&#8221; global_colors_info=&#8221;{}&#8221;][et_pb_text _builder_version=&#8221;4.27.7&#8243; _module_preset=&#8221;default&#8221; global_colors_info=&#8221;{}&#8221;]<\/p>\n<h3> MAXIMUM Group 9. \u0130hracat Fuar\u0131 <\/h3>\n<p id=\"event-card-date-\">Mart 2019 | Fuar <\/p>\n<p>\u0130hracat odakl\u0131 b\u00fcy\u00fcme vizyonumuz do\u011frultusunda, Maximum Group \u00e7at\u0131s\u0131 alt\u0131nda k\u0131r\u0131lmaz melamin mutfak gere\u00e7lerimizin ve \u00f6zg\u00fcn tasar\u0131ml\u0131 ev serisi koleksiyonlar\u0131m\u0131z\u0131n k\u00fcresel lansman\u0131n\u0131 ger\u00e7ekle\u015ftirdik. Uluslararas\u0131 toptan al\u0131c\u0131lar i\u00e7in do\u011frudan imalat\u00e7\u0131dan g\u00fcvenli tedarik zinciri modelimizi sunduk.[\/et_pb_text][\/et_pb_column][\/et_pb_row][et_pb_row column_structure=&#8221;2_5,3_5&#8243; use_custom_gutter=&#8221;on&#8221; gutter_width=&#8221;2&#8243; custom_padding_last_edited=&#8221;on|phone&#8221; _builder_version=&#8221;4.27.7&#8243; _module_preset=&#8221;default&#8221; background_color=&#8221;#ECECEC&#8221; width=&#8221;40%&#8221; width_tablet=&#8221;70%&#8221; width_phone=&#8221;90%&#8221; width_last_edited=&#8221;on|desktop&#8221; custom_padding=&#8221;1.3vw|1.3vw|1.3vw|1.4vw|false|false&#8221; custom_padding_tablet=&#8221;2.8vw|2.3vw|2.3vw|2.4vw|false|false&#8221; custom_padding_phone=&#8221;4.8vw|4.3vw|3.3vw|4.4vw|false|false&#8221; global_colors_info=&#8221;{}&#8221;][et_pb_column type=&#8221;2_5&#8243; _builder_version=&#8221;4.27.6&#8243; _module_preset=&#8221;default&#8221; global_colors_info=&#8221;{}&#8221;][et_pb_image src=&#8221;https:\/\/www.freyamelamin.com\/wp-content\/uploads\/2021\/01\/go\u0308rseli-olmayan.jpg&#8221; alt=&#8221;g\u00f6rseli olmayan&#8221; title_text=&#8221;go\u0308rseli-olmayan&#8221; _builder_version=&#8221;4.27.7&#8243; _module_preset=&#8221;default&#8221; global_colors_info=&#8221;{}&#8221;][\/et_pb_image][\/et_pb_column][et_pb_column type=&#8221;3_5&#8243; _builder_version=&#8221;4.27.6&#8243; _module_preset=&#8221;default&#8221; global_colors_info=&#8221;{}&#8221;][et_pb_text _builder_version=&#8221;4.27.7&#8243; _module_preset=&#8221;default&#8221; global_colors_info=&#8221;{}&#8221;]<\/p>\n<h3> SAFER Lojistik \u0130hracat Fuar\u0131 <\/h3>\n<p id=\"event-card-date-\">Ocak 2019 | Fuar <\/p>\n<p>Uluslararas\u0131 lojistik ve g\u00fcmr\u00fckleme g\u00fcc\u00fcm\u00fcz\u00fc arkam\u0131za alarak kat\u0131ld\u0131\u011f\u0131m\u0131z Safer Fuar\u0131&#8217;nda, k\u00fcresel pazara y\u00f6nelik melamin mutfak e\u015fyalar\u0131 ihracat kapasitemizi sergiledik. Avrupa ve Ortado\u011fu pazarlar\u0131na y\u00f6nelik g\u0131da uyumlu, sertifikal\u0131 \u00fcretim hatt\u0131m\u0131z\u0131n d\u00fcnya standartlar\u0131nda oldu\u011funu kan\u0131tlad\u0131k.[\/et_pb_text][\/et_pb_column][\/et_pb_row][et_pb_row column_structure=&#8221;2_5,3_5&#8243; use_custom_gutter=&#8221;on&#8221; gutter_width=&#8221;2&#8243; custom_padding_last_edited=&#8221;on|phone&#8221; _builder_version=&#8221;4.27.7&#8243; _module_preset=&#8221;default&#8221; background_color=&#8221;#ECECEC&#8221; width=&#8221;40%&#8221; width_tablet=&#8221;70%&#8221; width_phone=&#8221;90%&#8221; width_last_edited=&#8221;on|desktop&#8221; custom_padding=&#8221;1.3vw|1.3vw|1.3vw|1.4vw|false|false&#8221; custom_padding_tablet=&#8221;2.8vw|2.3vw|2.3vw|2.4vw|false|false&#8221; custom_padding_phone=&#8221;4.8vw|4.3vw|3.3vw|4.4vw|false|false&#8221; global_colors_info=&#8221;{}&#8221;][et_pb_column type=&#8221;2_5&#8243; _builder_version=&#8221;4.27.6&#8243; _module_preset=&#8221;default&#8221; global_colors_info=&#8221;{}&#8221;][et_pb_image src=&#8221;https:\/\/www.freyamelamin.com\/wp-content\/uploads\/2021\/01\/go\u0308rseli-olmayan.jpg&#8221; alt=&#8221;g\u00f6rseli olmayan&#8221; title_text=&#8221;go\u0308rseli-olmayan&#8221; _builder_version=&#8221;4.27.7&#8243; _module_preset=&#8221;default&#8221; global_colors_info=&#8221;{}&#8221;][\/et_pb_image][\/et_pb_column][et_pb_column type=&#8221;3_5&#8243; _builder_version=&#8221;4.27.6&#8243; _module_preset=&#8221;default&#8221; global_colors_info=&#8221;{}&#8221;][et_pb_text _builder_version=&#8221;4.27.7&#8243; _module_preset=&#8221;default&#8221; global_colors_info=&#8221;{}&#8221;]<\/p>\n<h3> TURKUAZ Sat\u0131\u015f Organizasyonu <\/h3>\n<p id=\"event-card-date-\">Aral\u0131kr 2018 | Etkinlik<\/p>\n<p>Y\u0131l\u0131 kapat\u0131rken kat\u0131ld\u0131\u011f\u0131m\u0131z bu prestijli organizasyonda, \u00f6zelle\u015ftirilebilir logolu melamin imalat\u0131 \u00e7\u00f6z\u00fcmlerimizi ve yeni sezon ev-mutfak trendlerini i\u015f ortaklar\u0131m\u0131zla payla\u015ft\u0131k. Sekt\u00f6r\u00fcn taleplerini do\u011frudan fabrikadan teslim avantaj\u0131yla kar\u015f\u0131layarak B2B sipari\u015f a\u011f\u0131m\u0131z\u0131 bir \u00fcst seviyeye \u00e7\u0131kard\u0131k.[\/et_pb_text][\/et_pb_column][\/et_pb_row][et_pb_row column_structure=&#8221;2_5,3_5&#8243; use_custom_gutter=&#8221;on&#8221; gutter_width=&#8221;2&#8243; custom_padding_last_edited=&#8221;on|phone&#8221; _builder_version=&#8221;4.27.7&#8243; _module_preset=&#8221;default&#8221; background_color=&#8221;#ECECEC&#8221; width=&#8221;40%&#8221; width_tablet=&#8221;70%&#8221; width_phone=&#8221;90%&#8221; width_last_edited=&#8221;on|desktop&#8221; custom_padding=&#8221;1.3vw|1.3vw|1.3vw|1.4vw|false|false&#8221; custom_padding_tablet=&#8221;2.8vw|2.3vw|2.3vw|2.4vw|false|false&#8221; custom_padding_phone=&#8221;4.8vw|4.3vw|3.3vw|4.4vw|false|false&#8221; global_colors_info=&#8221;{}&#8221;][et_pb_column type=&#8221;2_5&#8243; _builder_version=&#8221;4.27.6&#8243; _module_preset=&#8221;default&#8221; global_colors_info=&#8221;{}&#8221;][et_pb_image src=&#8221;https:\/\/www.freyamelamin.com\/wp-content\/uploads\/2021\/01\/go\u0308rseli-olmayan.jpg&#8221; alt=&#8221;g\u00f6rseli olmayan&#8221; title_text=&#8221;go\u0308rseli-olmayan&#8221; _builder_version=&#8221;4.27.7&#8243; _module_preset=&#8221;default&#8221; global_colors_info=&#8221;{}&#8221;][\/et_pb_image][\/et_pb_column][et_pb_column type=&#8221;3_5&#8243; _builder_version=&#8221;4.27.6&#8243; _module_preset=&#8221;default&#8221; global_colors_info=&#8221;{}&#8221;][et_pb_text _builder_version=&#8221;4.27.7&#8243; _module_preset=&#8221;default&#8221; global_colors_info=&#8221;{}&#8221;]<\/p>\n<h3> TURKUAZ Sat\u0131\u015f Organizasyonu <\/h3>\n<p id=\"event-card-date-\">Temmuz 2018 | Etkinlik<\/p>\n<p>Yaz sezonunun yo\u011fun sirk\u00fclasyonuna y\u00f6nelik geli\u015ftirdi\u011fimiz kayd\u0131rmaz melamin tepsilerimiz ve a\u00e7\u0131k b\u00fcfe sunum \u00e7\u00f6z\u00fcmlerimizle Turkuaz organizasyonunun dikkat \u00e7eken \u00fcreticilerinden biri olduk. Hem HORECA segmentine hem de perakende ma\u011fazalar\u0131na hitap eden esnek \u00fcretim yetene\u011fimizi fuar sahnesine ta\u015f\u0131d\u0131k.[\/et_pb_text][\/et_pb_column][\/et_pb_row][et_pb_row column_structure=&#8221;2_5,3_5&#8243; use_custom_gutter=&#8221;on&#8221; gutter_width=&#8221;2&#8243; custom_padding_last_edited=&#8221;on|phone&#8221; _builder_version=&#8221;4.27.7&#8243; _module_preset=&#8221;default&#8221; background_color=&#8221;#ECECEC&#8221; width=&#8221;40%&#8221; width_tablet=&#8221;70%&#8221; width_phone=&#8221;90%&#8221; width_last_edited=&#8221;on|desktop&#8221; custom_padding=&#8221;1.3vw|1.3vw|1.3vw|1.4vw|false|false&#8221; custom_padding_tablet=&#8221;2.8vw|2.3vw|2.3vw|2.4vw|false|false&#8221; custom_padding_phone=&#8221;4.8vw|4.3vw|3.3vw|4.4vw|false|false&#8221; global_colors_info=&#8221;{}&#8221;][et_pb_column type=&#8221;2_5&#8243; _builder_version=&#8221;4.27.6&#8243; _module_preset=&#8221;default&#8221; global_colors_info=&#8221;{}&#8221;][et_pb_image src=&#8221;https:\/\/www.freyamelamin.com\/wp-content\/uploads\/2021\/01\/go\u0308rseli-olmayan.jpg&#8221; alt=&#8221;g\u00f6rseli olmayan&#8221; title_text=&#8221;go\u0308rseli-olmayan&#8221; _builder_version=&#8221;4.27.7&#8243; _module_preset=&#8221;default&#8221; global_colors_info=&#8221;{}&#8221;][\/et_pb_image][\/et_pb_column][et_pb_column type=&#8221;3_5&#8243; _builder_version=&#8221;4.27.6&#8243; _module_preset=&#8221;default&#8221; global_colors_info=&#8221;{}&#8221;][et_pb_text _builder_version=&#8221;4.27.7&#8243; _module_preset=&#8221;default&#8221; global_colors_info=&#8221;{}&#8221;]<\/p>\n<h3> G\u00dc\u00c7B\u0130R Sat\u0131\u015f Organizasyonu <\/h3>\n<p id=\"event-card-date-\">Ekim 2017 | Etkinlik<\/p>\n<p>Sekt\u00f6r i\u00e7i sinerjiyi art\u0131rmak amac\u0131yla yer ald\u0131\u011f\u0131m\u0131z G\u00fc\u00e7bir organizasyonunda, melamin servis tepsisi ve \u00e7ok ama\u00e7l\u0131 mutfak gere\u00e7lerimizi toptan al\u0131c\u0131lar\u0131n be\u011fenisine sunduk. \u0130\u00e7 pazardaki bayilik a\u011f\u0131m\u0131z\u0131 geni\u015fletirken, yerli z\u00fcccaciye \u00fcretimindeki s\u00fcrd\u00fcr\u00fclebilir kalite standartlar\u0131m\u0131z\u0131 \u00f6n plana \u00e7\u0131kard\u0131k.[\/et_pb_text][\/et_pb_column][\/et_pb_row][et_pb_row column_structure=&#8221;2_5,3_5&#8243; use_custom_gutter=&#8221;on&#8221; gutter_width=&#8221;2&#8243; custom_padding_last_edited=&#8221;on|phone&#8221; _builder_version=&#8221;4.27.7&#8243; _module_preset=&#8221;default&#8221; background_color=&#8221;#ECECEC&#8221; width=&#8221;40%&#8221; width_tablet=&#8221;70%&#8221; width_phone=&#8221;90%&#8221; width_last_edited=&#8221;on|desktop&#8221; custom_padding=&#8221;1.3vw|1.3vw|1.3vw|1.4vw|false|false&#8221; custom_padding_tablet=&#8221;2.8vw|2.3vw|2.3vw|2.4vw|false|false&#8221; custom_padding_phone=&#8221;4.8vw|4.3vw|3.3vw|4.4vw|false|false&#8221; global_colors_info=&#8221;{}&#8221;][et_pb_column type=&#8221;2_5&#8243; _builder_version=&#8221;4.27.6&#8243; _module_preset=&#8221;default&#8221; global_colors_info=&#8221;{}&#8221;][et_pb_image src=&#8221;https:\/\/www.freyamelamin.com\/wp-content\/uploads\/2021\/01\/go\u0308rseli-olmayan.jpg&#8221; alt=&#8221;g\u00f6rseli olmayan&#8221; title_text=&#8221;go\u0308rseli-olmayan&#8221; _builder_version=&#8221;4.27.7&#8243; _module_preset=&#8221;default&#8221; global_colors_info=&#8221;{}&#8221;][\/et_pb_image][\/et_pb_column][et_pb_column type=&#8221;3_5&#8243; _builder_version=&#8221;4.27.6&#8243; _module_preset=&#8221;default&#8221; global_colors_info=&#8221;{}&#8221;][et_pb_text _builder_version=&#8221;4.27.7&#8243; _module_preset=&#8221;default&#8221; global_colors_info=&#8221;{}&#8221;]<\/p>\n<h3> \u0130SEB Sat\u0131\u015f Organizasyonu <\/h3>\n<p id=\"event-card-date-\">A\u011fustos 2017 | Etkinlik<\/p>\n<p>K\u00fcresel pazardaki ticari ba\u011flar\u0131m\u0131z\u0131 g\u00fc\u00e7lendirmek ad\u0131na kat\u0131ld\u0131\u011f\u0131m\u0131z bu organizasyonda, yenilik\u00e7i melamin ev ve mutfak e\u015fyalar\u0131 koleksiyonlar\u0131m\u0131z\u0131 ilk kez geni\u015f bir distrib\u00fct\u00f6r a\u011f\u0131yla bulu\u015fturduk. B2B sat\u0131\u015f stratejilerimizin temelini atan bu etkinlik, markam\u0131z\u0131n \u00fcretim g\u00fcc\u00fcn\u00fc sekt\u00f6re kan\u0131tlad\u0131\u011f\u0131m\u0131z ilk \u00f6nemli ad\u0131mlardan biri oldu.[\/et_pb_text][\/et_pb_column][\/et_pb_row][\/et_pb_section]<\/p>\n","protected":false},"excerpt":{"rendered":"<p>Zuchex, Host \u0130stanbul ve Ambiente gibi z\u00fcccaciye fuarlar\u0131ndaki stand ar\u015fivimiz. Freya Melamin \u015f\u0131k ev serisi mutfak gere\u00e7leri ve kurumsal HORECA koleksiyonlar\u0131. <\/p>\n","protected":false},"author":1,"featured_media":0,"parent":0,"menu_order":0,"comment_status":"closed","ping_status":"closed","template":"","meta":{"_acf_changed":false,"_et_pb_use_builder":"on","_et_pb_old_content":"","_et_gb_content_width":"","footnotes":""},"class_list":["post-11831","page","type-page","status-publish","hentry"],"acf":[],"_links":{"self":[{"href":"https:\/\/www.freyamelamin.com\/tr\/wp-json\/wp\/v2\/pages\/11831","targetHints":{"allow":["GET"]}}],"collection":[{"href":"https:\/\/www.freyamelamin.com\/tr\/wp-json\/wp\/v2\/pages"}],"about":[{"href":"https:\/\/www.freyamelamin.com\/tr\/wp-json\/wp\/v2\/types\/page"}],"author":[{"embeddable":true,"href":"https:\/\/www.freyamelamin.com\/tr\/wp-json\/wp\/v2\/users\/1"}],"replies":[{"embeddable":true,"href":"https:\/\/www.freyamelamin.com\/tr\/wp-json\/wp\/v2\/comments?post=11831"}],"version-history":[{"count":0,"href":"https:\/\/www.freyamelamin.com\/tr\/wp-json\/wp\/v2\/pages\/11831\/revisions"}],"wp:attachment":[{"href":"https:\/\/www.freyamelamin.com\/tr\/wp-json\/wp\/v2\/media?parent=11831"}],"curies":[{"name":"wp","href":"https:\/\/api.w.org\/{rel}","templated":true}]}}